{"id":3526,"date":"2019-01-12T16:45:24","date_gmt":"2019-01-12T16:45:24","guid":{"rendered":"https:\/\/www.malla.es\/home-2\/"},"modified":"2022-12-30T09:46:56","modified_gmt":"2022-12-30T09:46:56","slug":"home","status":"publish","type":"page","link":"https:\/\/www.malla.es\/de\/","title":{"rendered":"Home"},"content":{"rendered":"<p>[vc_row full_width=&#8220;stretch_row_content_no_spaces&#8220;][vc_column][vc_column_text][rev_slider_vc alias=&#8220;slider-soportes&#8220; el_class=&#8220;klakiva&#8220;][\/vc_column_text][\/vc_column][\/vc_row][vc_row full_width=&#8220;stretch_row&#8220; css=&#8220;.vc_custom_1668640466141{background-color: #990a2c !important;}&#8220;][vc_column][vc_empty_space height=&#8220;90px&#8220; el_class=&#8220;espaciomovil&#8220;][vc_column_text el_class=&#8220;bottom-line montb&#8220;]<\/p>\n<h3 class=\"intro-heading heading montb\" style=\"text-align: center;\"><span style=\"color: #ffffff; font-size: 36px;\">GRUPO MALLA PUBLICIDAD<\/span><\/h3>\n<p>[\/vc_column_text][vc_empty_space height=&#8220;50px&#8220;][vc_column_text css=&#8220;.vc_custom_1669665556207{padding-right: 10% !important;padding-left: 10% !important;}&#8220;]<\/p>\n<p class=\"heading-row mb-40\" style=\"text-align: center;\"><span style=\"color: #ffffff; font-size: 18px;\">Die Grupo Malla Publicidad wurde vor mehr als 50 Jahren in Palma de Mallorca gegr\u00fcndet, was mit den Anf\u00e4ngen der Au\u00dfenwerbung in Spanien zusammenfiel. Die Werbetafeln waren aus Holz, die Plakate wurden gezeichnet und die W\u00e4nde bemalt. Dies ist die \u00e4lteste Werbung, die es gibt, und hat uns ikonische Tr\u00e4ger und Anzeigen hinterlassen. Auch heute noch bietet unser Unternehmen die besten Werbetr\u00e4ger auf den Balearen an. Die Out of Home (OOH) und Digital Out of Home (DOOH) sind in jeder Werbekampagne unverzichtbar.<\/span><\/p>\n<p>[\/vc_column_text][vc_empty_space height=&#8220;100px&#8220; el_class=&#8220;espaciomovil&#8220;][\/vc_column][\/vc_row][vc_row full_width=&#8220;stretch_row_content_no_spaces&#8220; css=&#8220;.vc_custom_1547396554766{background-color: #f7f7f7 !important;}&#8220;][vc_column][vc_empty_space height=&#8220;75px&#8220; el_class=&#8220;espaciomovil&#8220;][\/vc_column][\/vc_row][vc_row full_width=&#8220;stretch_row&#8220; css=&#8220;.vc_custom_1669569697879{padding-right: -50px !important;padding-left: -50px !important;background-color: #f7f7f7 !important;}&#8220;][vc_column width=&#8220;1\/4&#8243;]\n\t\t\t<div class=\"icon541 service-item-box style-2 mb-40\">\n\t\t\t\n\t\t\t\t<div class=\"icon-holder\">\t\t\t\t\n\t\t\t\t\t<i class=\"icon-Sign-Contract\"><\/i>\n\t\t\t\t<\/div>\n\t\t\t\t\n\t\t\t\t<div class=\"service-text\"><\/p>\n<h4 class=\"montb\"><span style=\"font-size: 14pt;\">Au\u00dfenwerbung<\/span><\/h4>\n<p><span style=\"font-size: 10pt;\">Wir bieten eine gro\u00dfe Auswahl an St\u00fctzen in den besten Lagen der Inseln, von gro\u00dfen Formaten bis hin zu Stadtm\u00f6beln.<\/span><\/div>\n\t\t\t\n\t\t\t<\/div> \n\t\t[\/vc_column][vc_column width=&#8220;1\/4&#8243;]\n\t\t\t<div class=\"icon543 service-item-box style-2 mb-40\">\n\t\t\t\n\t\t\t\t<div class=\"icon-holder\">\t\t\t\t\n\t\t\t\t\t<i class=\"icon-Increasing-Chart1\"><\/i>\n\t\t\t\t<\/div>\n\t\t\t\t\n\t\t\t\t<div class=\"service-text\"><\/p>\n<h4 class=\"montb\"><span style=\"font-size: 14pt;\">Allgemeine Medienwerbung<\/span><\/h4>\n<p><span style=\"font-size: 10pt;\">Unser Ziel ist es, Ihre Medienagentur zu sein. Wir verwalten Presse, Radio und andere Medien f\u00fcr Ihre Kampagne.<\/span><\/div>\n\t\t\t\n\t\t\t<\/div> \n\t\t[\/vc_column][vc_column width=&#8220;1\/4&#8243;]\n\t\t\t<div class=\"icon544 service-item-box style-2 mb-40\">\n\t\t\t\n\t\t\t\t<div class=\"icon-holder\">\t\t\t\t\n\t\t\t\t\t<i class=\"icon-Headset-1\"><\/i>\n\t\t\t\t<\/div>\n\t\t\t\t\n\t\t\t\t<div class=\"service-text\"><\/p>\n<h4 class=\"montb\"><span style=\"font-size: 14pt;\">Kreativit\u00e4t und Image<\/span><\/h4>\n<p><span style=\"font-size: 10pt;\">Unser Kreativstudio wird Ihnen f\u00fcr jedes Werbemittel die beste Kampagne vorschlagen, um Ihre Botschaft zu vermitteln.<\/span><\/div>\n\t\t\t\n\t\t\t<\/div> \n\t\t[\/vc_column][vc_column width=&#8220;1\/4&#8243;]\n\t\t\t<div class=\"icon541 service-item-box style-2 mb-40\">\n\t\t\t\n\t\t\t\t<div class=\"icon-holder\">\t\t\t\t\n\t\t\t\t\t<i class=\"icon-Target\"><\/i>\n\t\t\t\t<\/div>\n\t\t\t\t\n\t\t\t\t<div class=\"service-text\"><\/p>\n<h4 class=\"montb\"><span style=\"font-size: 14pt;\">Andere Dienstleistungen<\/span><\/h4>\n<p><span style=\"font-size: 10pt;\">Wir bieten zus\u00e4tzliche Dienstleistungen wie Beschilderung, Planen oder Einfriedungen f\u00fcr Baustellen.<\/span><\/div>\n\t\t\t\n\t\t\t<\/div> \n\t\t[\/vc_column][\/vc_row][vc_row full_width=&#8220;stretch_row_content_no_spaces&#8220; css=&#8220;.vc_custom_1547396554766{background-color: #f7f7f7 !important;}&#8220;][vc_column][vc_empty_space height=&#8220;75px&#8220; el_class=&#8220;espaciomovil&#8220;][\/vc_column][\/vc_row][vc_row][vc_column width=&#8220;1\/6&#8243;][\/vc_column][vc_column width=&#8220;2\/3&#8243;][vc_empty_space height=&#8220;100px&#8220; el_class=&#8220;espaciomovil&#8220;][vc_column_text css=&#8220;.vc_custom_1669665704504{padding-right: 1% !important;padding-left: 1% !important;}&#8220; el_class=&#8220;montb&#8220;]<\/p>\n<h3 class=\"heading-row mb-40 montb\" style=\"text-align: center;\"><span style=\"font-size: 36px;\">Gro\u00dfe Vielfalt und Reichweite der Medien<\/span><\/h3>\n<p>[\/vc_column_text][vc_column_text css=&#8220;.vc_custom_1669665727581{padding-right: 1% !important;padding-left: 1% !important;}&#8220;]<\/p>\n<p style=\"text-align: center;\"><span style=\"font-size: 18px;\">Wir bieten Ihnen die richtige Unterst\u00fctzung f\u00fcr Ihre Werbekampagne, f\u00fcr Ihr Markenimage oder f\u00fcr die Beschilderung Ihres Unternehmens in fast allen St\u00e4dten der Inseln. Wir stellen die Werbung in Ihren Dienst. <\/span><\/p>\n<p>[\/vc_column_text][vc_empty_space height=&#8220;100px&#8220; el_class=&#8220;espaciomovil&#8220;][\/vc_column][vc_column width=&#8220;1\/6&#8243;][\/vc_column][\/vc_row][vc_row full_width=&#8220;stretch_row_content&#8220; css=&#8220;.vc_custom_1570908003797{padding-bottom: 5% !important;}&#8220;][vc_column][vc_column_text]<\/p>\n<div id=\"showcases-slider\" class=\"flickity-slider-wrap dark-dots mfp-hover\" data-autoplay=\"true\" data-arrows=\"false\" data-slidedots=\"true\">\n\t\t\t\t\t\t<div class=\"gallery-cell work-item\">\n\t\t\t\t\t\t\t<div class=\"work-container\">\n\t\t\t\t\t\t\t\t<div class=\"work-img\"><img width=\"1920\" height=\"1080\" src=\"https:\/\/www.malla.es\/wp-content\/uploads\/2022\/12\/01-soportes-malla.jpg\" class=\"attachment-full size-full\" alt=\"\" decoding=\"async\" srcset=\"https:\/\/www.malla.es\/wp-content\/uploads\/2022\/12\/01-soportes-malla.jpg 1920w, https:\/\/www.malla.es\/wp-content\/uploads\/2022\/12\/01-soportes-malla-300x169.jpg 300w, https:\/\/www.malla.es\/wp-content\/uploads\/2022\/12\/01-soportes-malla-1024x576.jpg 1024w, https:\/\/www.malla.es\/wp-content\/uploads\/2022\/12\/01-soportes-malla-768x432.jpg 768w, https:\/\/www.malla.es\/wp-content\/uploads\/2022\/12\/01-soportes-malla-1536x864.jpg 1536w\" sizes=\"(max-width: 1920px) 100vw, 1920px\" \/><\/div>\n\t\t\t\t\t\t\t<\/div> \n\t\t\t\t\t\t<\/div>\n\t\t\t\t\t\n\t\t\t\t\t\t<div class=\"gallery-cell work-item\">\n\t\t\t\t\t\t\t<div class=\"work-container\">\n\t\t\t\t\t\t\t\t<div class=\"work-img\"><img width=\"1920\" height=\"1080\" src=\"https:\/\/www.malla.es\/wp-content\/uploads\/2022\/12\/02-soportes-malla.jpg\" class=\"attachment-full size-full\" alt=\"\" decoding=\"async\" srcset=\"https:\/\/www.malla.es\/wp-content\/uploads\/2022\/12\/02-soportes-malla.jpg 1920w, https:\/\/www.malla.es\/wp-content\/uploads\/2022\/12\/02-soportes-malla-300x169.jpg 300w, https:\/\/www.malla.es\/wp-content\/uploads\/2022\/12\/02-soportes-malla-1024x576.jpg 1024w, https:\/\/www.malla.es\/wp-content\/uploads\/2022\/12\/02-soportes-malla-768x432.jpg 768w, https:\/\/www.malla.es\/wp-content\/uploads\/2022\/12\/02-soportes-malla-1536x864.jpg 1536w\" sizes=\"(max-width: 1920px) 100vw, 1920px\" \/><\/div>\n\t\t\t\t\t\t\t<\/div> \n\t\t\t\t\t\t<\/div>\n\t\t\t\t\t\n\t\t\t\t\t\t<div class=\"gallery-cell work-item\">\n\t\t\t\t\t\t\t<div class=\"work-container\">\n\t\t\t\t\t\t\t\t<div class=\"work-img\"><img width=\"1920\" height=\"1080\" src=\"https:\/\/www.malla.es\/wp-content\/uploads\/2022\/12\/04-soportes-malla.jpg\" class=\"attachment-full size-full\" alt=\"\" decoding=\"async\" srcset=\"https:\/\/www.malla.es\/wp-content\/uploads\/2022\/12\/04-soportes-malla.jpg 1920w, https:\/\/www.malla.es\/wp-content\/uploads\/2022\/12\/04-soportes-malla-300x169.jpg 300w, https:\/\/www.malla.es\/wp-content\/uploads\/2022\/12\/04-soportes-malla-1024x576.jpg 1024w, https:\/\/www.malla.es\/wp-content\/uploads\/2022\/12\/04-soportes-malla-768x432.jpg 768w, https:\/\/www.malla.es\/wp-content\/uploads\/2022\/12\/04-soportes-malla-1536x864.jpg 1536w\" sizes=\"(max-width: 1920px) 100vw, 1920px\" \/><\/div>\n\t\t\t\t\t\t\t<\/div> \n\t\t\t\t\t\t<\/div>\n\t\t\t\t\t\n\t\t\t\t\t\t<div class=\"gallery-cell work-item\">\n\t\t\t\t\t\t\t<div class=\"work-container\">\n\t\t\t\t\t\t\t\t<div class=\"work-img\"><img width=\"1920\" height=\"1080\" src=\"https:\/\/www.malla.es\/wp-content\/uploads\/2022\/12\/07-soportes-malla.jpg\" class=\"attachment-full size-full\" alt=\"\" decoding=\"async\" srcset=\"https:\/\/www.malla.es\/wp-content\/uploads\/2022\/12\/07-soportes-malla.jpg 1920w, https:\/\/www.malla.es\/wp-content\/uploads\/2022\/12\/07-soportes-malla-300x169.jpg 300w, https:\/\/www.malla.es\/wp-content\/uploads\/2022\/12\/07-soportes-malla-1024x576.jpg 1024w, https:\/\/www.malla.es\/wp-content\/uploads\/2022\/12\/07-soportes-malla-768x432.jpg 768w, https:\/\/www.malla.es\/wp-content\/uploads\/2022\/12\/07-soportes-malla-1536x864.jpg 1536w\" sizes=\"(max-width: 1920px) 100vw, 1920px\" \/><\/div>\n\t\t\t\t\t\t\t<\/div> \n\t\t\t\t\t\t<\/div>\n\t\t\t\t\t\n\t\t\t\t\t\t<div class=\"gallery-cell work-item\">\n\t\t\t\t\t\t\t<div class=\"work-container\">\n\t\t\t\t\t\t\t\t<div class=\"work-img\"><img width=\"1920\" height=\"1080\" src=\"https:\/\/www.malla.es\/wp-content\/uploads\/2022\/12\/05-soportes-malla.jpg\" class=\"attachment-full size-full\" alt=\"\" decoding=\"async\" srcset=\"https:\/\/www.malla.es\/wp-content\/uploads\/2022\/12\/05-soportes-malla.jpg 1920w, https:\/\/www.malla.es\/wp-content\/uploads\/2022\/12\/05-soportes-malla-300x169.jpg 300w, https:\/\/www.malla.es\/wp-content\/uploads\/2022\/12\/05-soportes-malla-1024x576.jpg 1024w, https:\/\/www.malla.es\/wp-content\/uploads\/2022\/12\/05-soportes-malla-768x432.jpg 768w, https:\/\/www.malla.es\/wp-content\/uploads\/2022\/12\/05-soportes-malla-1536x864.jpg 1536w\" sizes=\"(max-width: 1920px) 100vw, 1920px\" \/><\/div>\n\t\t\t\t\t\t\t<\/div> \n\t\t\t\t\t\t<\/div>\n\t\t\t\t\t\n\t\t\t\t\t\t<div class=\"gallery-cell work-item\">\n\t\t\t\t\t\t\t<div class=\"work-container\">\n\t\t\t\t\t\t\t\t<div class=\"work-img\"><img width=\"1920\" height=\"1080\" src=\"https:\/\/www.malla.es\/wp-content\/uploads\/2022\/12\/09-soportes-malla.jpg\" class=\"attachment-full size-full\" alt=\"\" decoding=\"async\" srcset=\"https:\/\/www.malla.es\/wp-content\/uploads\/2022\/12\/09-soportes-malla.jpg 1920w, https:\/\/www.malla.es\/wp-content\/uploads\/2022\/12\/09-soportes-malla-300x169.jpg 300w, https:\/\/www.malla.es\/wp-content\/uploads\/2022\/12\/09-soportes-malla-1024x576.jpg 1024w, https:\/\/www.malla.es\/wp-content\/uploads\/2022\/12\/09-soportes-malla-768x432.jpg 768w, https:\/\/www.malla.es\/wp-content\/uploads\/2022\/12\/09-soportes-malla-1536x864.jpg 1536w\" sizes=\"(max-width: 1920px) 100vw, 1920px\" \/><\/div>\n\t\t\t\t\t\t\t<\/div> \n\t\t\t\t\t\t<\/div>\n\t\t\t\t\t\n\t\t\t\t\t\t<div class=\"gallery-cell work-item\">\n\t\t\t\t\t\t\t<div class=\"work-container\">\n\t\t\t\t\t\t\t\t<div class=\"work-img\"><img width=\"1920\" height=\"1080\" src=\"https:\/\/www.malla.es\/wp-content\/uploads\/2022\/12\/11-soportes-malla.jpg\" class=\"attachment-full size-full\" alt=\"\" decoding=\"async\" srcset=\"https:\/\/www.malla.es\/wp-content\/uploads\/2022\/12\/11-soportes-malla.jpg 1920w, https:\/\/www.malla.es\/wp-content\/uploads\/2022\/12\/11-soportes-malla-300x169.jpg 300w, https:\/\/www.malla.es\/wp-content\/uploads\/2022\/12\/11-soportes-malla-1024x576.jpg 1024w, https:\/\/www.malla.es\/wp-content\/uploads\/2022\/12\/11-soportes-malla-768x432.jpg 768w, https:\/\/www.malla.es\/wp-content\/uploads\/2022\/12\/11-soportes-malla-1536x864.jpg 1536w\" sizes=\"(max-width: 1920px) 100vw, 1920px\" \/><\/div>\n\t\t\t\t\t\t\t<\/div> \n\t\t\t\t\t\t<\/div>\n\t\t\t\t\t\n\t\t\t\t\t\t<div class=\"gallery-cell work-item\">\n\t\t\t\t\t\t\t<div class=\"work-container\">\n\t\t\t\t\t\t\t\t<div class=\"work-img\"><img width=\"1920\" height=\"1080\" src=\"https:\/\/www.malla.es\/wp-content\/uploads\/2022\/12\/home-carrousel10.jpg\" class=\"attachment-full size-full\" alt=\"\" decoding=\"async\" srcset=\"https:\/\/www.malla.es\/wp-content\/uploads\/2022\/12\/home-carrousel10.jpg 1920w, https:\/\/www.malla.es\/wp-content\/uploads\/2022\/12\/home-carrousel10-300x169.jpg 300w, https:\/\/www.malla.es\/wp-content\/uploads\/2022\/12\/home-carrousel10-1024x576.jpg 1024w, https:\/\/www.malla.es\/wp-content\/uploads\/2022\/12\/home-carrousel10-768x432.jpg 768w, https:\/\/www.malla.es\/wp-content\/uploads\/2022\/12\/home-carrousel10-1536x864.jpg 1536w\" sizes=\"(max-width: 1920px) 100vw, 1920px\" \/><\/div>\n\t\t\t\t\t\t\t<\/div> \n\t\t\t\t\t\t<\/div>\n\t\t\t\t\t\n\t\t\t\t\t\t<div class=\"gallery-cell work-item\">\n\t\t\t\t\t\t\t<div class=\"work-container\">\n\t\t\t\t\t\t\t\t<div class=\"work-img\"><img width=\"1920\" height=\"1080\" src=\"https:\/\/www.malla.es\/wp-content\/uploads\/2022\/12\/home-carrousel3.jpg\" class=\"attachment-full size-full\" alt=\"\" decoding=\"async\" srcset=\"https:\/\/www.malla.es\/wp-content\/uploads\/2022\/12\/home-carrousel3.jpg 1920w, https:\/\/www.malla.es\/wp-content\/uploads\/2022\/12\/home-carrousel3-300x169.jpg 300w, https:\/\/www.malla.es\/wp-content\/uploads\/2022\/12\/home-carrousel3-1024x576.jpg 1024w, https:\/\/www.malla.es\/wp-content\/uploads\/2022\/12\/home-carrousel3-768x432.jpg 768w, https:\/\/www.malla.es\/wp-content\/uploads\/2022\/12\/home-carrousel3-1536x864.jpg 1536w\" sizes=\"(max-width: 1920px) 100vw, 1920px\" \/><\/div>\n\t\t\t\t\t\t\t<\/div> \n\t\t\t\t\t\t<\/div>\n\t\t\t\t\t\n\t\t\t\t\t\t<div class=\"gallery-cell work-item\">\n\t\t\t\t\t\t\t<div class=\"work-container\">\n\t\t\t\t\t\t\t\t<div class=\"work-img\"><img width=\"1920\" height=\"1080\" src=\"https:\/\/www.malla.es\/wp-content\/uploads\/2022\/12\/af-new-foto-peatonal.jpg\" class=\"attachment-full size-full\" alt=\"\" decoding=\"async\" srcset=\"https:\/\/www.malla.es\/wp-content\/uploads\/2022\/12\/af-new-foto-peatonal.jpg 1920w, https:\/\/www.malla.es\/wp-content\/uploads\/2022\/12\/af-new-foto-peatonal-300x169.jpg 300w, https:\/\/www.malla.es\/wp-content\/uploads\/2022\/12\/af-new-foto-peatonal-1024x576.jpg 1024w, https:\/\/www.malla.es\/wp-content\/uploads\/2022\/12\/af-new-foto-peatonal-768x432.jpg 768w, https:\/\/www.malla.es\/wp-content\/uploads\/2022\/12\/af-new-foto-peatonal-1536x864.jpg 1536w\" sizes=\"(max-width: 1920px) 100vw, 1920px\" \/><\/div>\n\t\t\t\t\t\t\t<\/div> \n\t\t\t\t\t\t<\/div>\n\t\t\t\t\t\n\t\t\t\t\t\t<div class=\"gallery-cell work-item\">\n\t\t\t\t\t\t\t<div class=\"work-container\">\n\t\t\t\t\t\t\t\t<div class=\"work-img\"><img width=\"1920\" height=\"1080\" src=\"https:\/\/www.malla.es\/wp-content\/uploads\/2022\/12\/af-new-foto-indicador-de-calle.jpg\" class=\"attachment-full size-full\" alt=\"\" decoding=\"async\" srcset=\"https:\/\/www.malla.es\/wp-content\/uploads\/2022\/12\/af-new-foto-indicador-de-calle.jpg 1920w, https:\/\/www.malla.es\/wp-content\/uploads\/2022\/12\/af-new-foto-indicador-de-calle-300x169.jpg 300w, https:\/\/www.malla.es\/wp-content\/uploads\/2022\/12\/af-new-foto-indicador-de-calle-1024x576.jpg 1024w, https:\/\/www.malla.es\/wp-content\/uploads\/2022\/12\/af-new-foto-indicador-de-calle-768x432.jpg 768w, https:\/\/www.malla.es\/wp-content\/uploads\/2022\/12\/af-new-foto-indicador-de-calle-1536x864.jpg 1536w\" sizes=\"(max-width: 1920px) 100vw, 1920px\" \/><\/div>\n\t\t\t\t\t\t\t<\/div> \n\t\t\t\t\t\t<\/div>\n\t\t\t\t\t<\/div>\n<p>[\/vc_column_text][\/vc_column][\/vc_row][vc_row full_width=&#8220;stretch_row&#8220; parallax=&#8220;content-moving&#8220; css=&#8220;.vc_custom_1668705871791{background-image: url(https:\/\/www.malla.es\/wp-content\/uploads\/2022\/11\/foto-frase-1.jpg?id=4180) !important;}&#8220;][vc_column][vc_empty_space height=&#8220;200px&#8220;][vc_column_text]<\/p>\n<h3 class=\"montb tama\u00f1o48\" style=\"text-align: center;\"><span style=\"color: #ffffff;\">&#8222;Sie sollen dich sehen und sich an dich erinnern.&#8220;<\/span><\/h3>\n<p>[\/vc_column_text][vc_empty_space height=&#8220;200px&#8220;][\/vc_column][\/vc_row][vc_row full_width=&#8220;stretch_row_content_no_spaces&#8220; css=&#8220;.vc_custom_1547396508454{background-color: #f7f7f7 !important;}&#8220;][vc_column][vc_empty_space height=&#8220;35px&#8220;][\/vc_column][\/vc_row][vc_row full_width=&#8220;stretch_row&#8220; css=&#8220;.vc_custom_1669904833984{background-color: #f7f7f7 !important;}&#8220;][vc_column width=&#8220;1\/3&#8243; css=&#8220;.vc_custom_1555164997351{padding-top: 0px !important;}&#8220;]\n\t\t\t<div class=\"icon541 service-item-box style-4 mb-40\">\n\t\t\t\n\t\t\t\t<div class=\"icon-holder\">\n\t\t\t\t\t<i class=\"icon-Lamp-3\"><\/i>\n\t\t\t\t<\/div>\n\t\t\t\t\n\t\t\t\t<div class=\"service-text\"><\/p>\n<h4 class=\"montb\"><span style=\"font-size: 20px;\">Starke Abdeckung<\/span><\/h4>\n<p><span style=\"font-size: 10pt;\">Wir sind die perfekte Werbeagentur, um ein gro\u00dfes Publikum zu erreichen, im Freien und in anderen Medien.<\/span><\/div>\n\t\t\t\n\t\t\t<\/div> \n\t\t\n\t\t\t<div class=\"icon544 service-item-box style-4 mb-40\">\n\t\t\t\n\t\t\t\t<div class=\"icon-holder\">\n\t\t\t\t\t<i class=\"icon-Watch-1\"><\/i>\n\t\t\t\t<\/div>\n\t\t\t\t\n\t\t\t\t<div class=\"service-text\"><\/p>\n<h4 class=\"montb\"><span style=\"font-size: 20px;\">Qualit\u00e4t der Dienstleistung<\/span><\/h4>\n<p><span style=\"font-size: 10pt;\">Wir verf\u00fcgen \u00fcber ein gro\u00dfes Team von Au\u00dfendienstmitarbeitern und eigenes Personal f\u00fcr die Wartung unserer St\u00fctzen.<\/span><\/div>\n\t\t\t\n\t\t\t<\/div> \n\t\t[\/vc_column][vc_column width=&#8220;1\/3&#8243; css=&#8220;.vc_custom_1555165006799{padding-top: 0px !important;}&#8220;]\n\t\t\t<div class=\"icon544 service-item-box style-4 mb-40\">\n\t\t\t\n\t\t\t\t<div class=\"icon-holder\">\n\t\t\t\t\t<i class=\"icon-Dot-Chart1\"><\/i>\n\t\t\t\t<\/div>\n\t\t\t\t\n\t\t\t\t<div class=\"service-text\"><\/p>\n<h4 class=\"montb\"><span style=\"font-size: 20px;\">Flexibilit\u00e4t<\/span><\/h4>\n<p><span style=\"font-size: 10pt;\">Wir gehen auf Ihre Bed\u00fcrfnisse ein und finden die ideale Kampagne, um Ihr Zielpublikum zu erreichen. <\/span><\/div>\n\t\t\t\n\t\t\t<\/div> \n\t\t\n\t\t\t<div class=\"icon544 service-item-box style-4 mb-40\">\n\t\t\t\n\t\t\t\t<div class=\"icon-holder\">\n\t\t\t\t\t<i class=\"icon-Drag-Drop\"><\/i>\n\t\t\t\t<\/div>\n\t\t\t\t\n\t\t\t\t<div class=\"service-text\"><\/p>\n<h4 class=\"montb\"><span style=\"font-size: 20px;\">Erleben Sie<\/span><\/h4>\n<p><span style=\"font-size: 10pt;\">Mit mehr als 50 Jahren Erfahrung kennen wir den Werbemarkt auf den Balearen sehr gut.<\/span><\/div>\n\t\t\t\n\t\t\t<\/div> \n\t\t[\/vc_column][vc_column width=&#8220;1\/3&#8243; css=&#8220;.vc_custom_1555165017369{padding-top: 0px !important;}&#8220;]\n\t\t\t<div class=\"icon544 service-item-box style-4 mb-40\">\n\t\t\t\n\t\t\t\t<div class=\"icon-holder\">\n\t\t\t\t\t<i class=\"icon-Cloud-Upload\"><\/i>\n\t\t\t\t<\/div>\n\t\t\t\t\n\t\t\t\t<div class=\"service-text\"><\/p>\n<h4 class=\"montb\"><span style=\"font-size: 20px;\">Kundenzufriedenheit<\/span><\/h4>\n<p><span style=\"font-size: 10pt;\">Unsere Kunden sind mit unseren Dienstleistungen \u00e4u\u00dferst zufrieden, und es ist uns eine Ehre, auf ihr Vertrauen in unsere Dienste z\u00e4hlen zu d\u00fcrfen.<\/span><\/div>\n\t\t\t\n\t\t\t<\/div> \n\t\t\n\t\t\t<div class=\"icon541 service-item-box style-4 mb-40\">\n\t\t\t\n\t\t\t\t<div class=\"icon-holder\">\n\t\t\t\t\t<i class=\"icon-Search-Network\"><\/i>\n\t\t\t\t<\/div>\n\t\t\t\t\n\t\t\t\t<div class=\"service-text\"><\/p>\n<h4 class=\"montb\"><span style=\"font-size: 20px;\">Professionalit\u00e4t und Zuverl\u00e4ssigkeit<\/span><\/h4>\n<p><span style=\"font-size: 10pt;\">Wir sind ein tolles Team mit garantierten Unternehmenswerten.<\/span><\/div>\n\t\t\t\n\t\t\t<\/div> \n\t\t[\/vc_column][\/vc_row][vc_row full_width=&#8220;stretch_row_content_no_spaces&#8220; css=&#8220;.vc_custom_1547396508454{background-color: #f7f7f7 !important;}&#8220;][vc_column][vc_empty_space height=&#8220;1px&#8220;][\/vc_column][\/vc_row][vc_row][vc_column][vc_empty_space height=&#8220;40px&#8220; el_class=&#8220;espaciomovil&#8220;][vc_column_text]<\/p>\n<h3 class=\"heading-row mb-40 montb\" style=\"text-align: center;\"><span style=\"font-size: 36px;\">Einige unserer Kunden<\/span><\/h3>\n<p>[\/vc_column_text][vc_column_text]<\/p>\n<p style=\"text-align: center;\"><span style=\"font-size: 18px;\">Estrella Damm, Mcdonalds, Burger King, Soft line, LIDL, Mercadona, Hipercentro, Descanshop,<br \/>\nBonnin Sans\u00f3, Ushua\u00efa, H\u00ef, Sa Cova Santa, Block house, Bauhaus, El Corte Ingl\u00e9s, Engel and V\u00f6lkers<\/span><\/p>\n<p>[\/vc_column_text][\/vc_column][\/vc_row][vc_row][vc_column]<div id=\"owl-partners\" class=\"owl-carousel owl-theme\">\n\t<div id=\"client-493\" class=\"item post-493 client type-client status-publish has-post-thumbnail hentry\">\n\t<div >\n\t\t<img src=\"https:\/\/www.malla.es\/wp-content\/uploads\/2019\/08\/logos-09.svg\" class=\"attachment-post-thumbnail size-post-thumbnail wp-post-image\" alt=\"\" decoding=\"async\" \/>\t<\/div>\n<\/div><div id=\"client-354\" class=\"item post-354 client type-client status-publish has-post-thumbnail hentry\">\n\t<div #>\n\t\t<img src=\"https:\/\/www.malla.es\/wp-content\/uploads\/2019\/08\/logos-07.svg\" class=\"attachment-post-thumbnail size-post-thumbnail wp-post-image\" alt=\"\" decoding=\"async\" \/>\t<\/div>\n<\/div><div id=\"client-353\" class=\"item post-353 client type-client status-publish has-post-thumbnail hentry\">\n\t<div #>\n\t\t<img src=\"https:\/\/www.malla.es\/wp-content\/uploads\/2019\/08\/logos-06.svg\" class=\"attachment-post-thumbnail size-post-thumbnail wp-post-image\" alt=\"\" decoding=\"async\" \/>\t<\/div>\n<\/div><div id=\"client-343\" class=\"item post-343 client type-client status-publish has-post-thumbnail hentry\">\n\t<div #>\n\t\t<img src=\"https:\/\/www.malla.es\/wp-content\/uploads\/2019\/08\/logos-02.svg\" class=\"attachment-post-thumbnail size-post-thumbnail wp-post-image\" alt=\"\" decoding=\"async\" \/>\t<\/div>\n<\/div><div id=\"client-492\" class=\"item post-492 client type-client status-publish has-post-thumbnail hentry\">\n\t<div #>\n\t\t<img src=\"https:\/\/www.malla.es\/wp-content\/uploads\/2019\/06\/logos-08.svg\" class=\"attachment-post-thumbnail size-post-thumbnail wp-post-image\" alt=\"\" decoding=\"async\" \/>\t<\/div>\n<\/div><div id=\"client-4779\" class=\"item post-4779 client type-client status-publish has-post-thumbnail hentry\">\n\t<div >\n\t\t<img src=\"https:\/\/www.malla.es\/wp-content\/uploads\/2022\/12\/logos-clientes-04.svg\" class=\"attachment-post-thumbnail size-post-thumbnail wp-post-image\" alt=\"\" decoding=\"async\" \/>\t<\/div>\n<\/div><div id=\"client-4844\" class=\"item post-4844 client type-client status-publish has-post-thumbnail hentry\">\n\t<div >\n\t\t<img src=\"https:\/\/www.malla.es\/wp-content\/uploads\/2022\/12\/logos-clientes-12.svg\" class=\"attachment-post-thumbnail size-post-thumbnail wp-post-image\" alt=\"\" decoding=\"async\" \/>\t<\/div>\n<\/div><div id=\"client-4845\" class=\"item post-4845 client type-client status-publish has-post-thumbnail hentry\">\n\t<div >\n\t\t<img src=\"https:\/\/www.malla.es\/wp-content\/uploads\/2022\/12\/logos-clientes-13.svg\" class=\"attachment-post-thumbnail size-post-thumbnail wp-post-image\" alt=\"\" decoding=\"async\" \/>\t<\/div>\n<\/div><div id=\"client-1623\" class=\"item post-1623 client type-client status-publish has-post-thumbnail hentry\">\n\t<div >\n\t\t<img src=\"https:\/\/www.malla.es\/wp-content\/uploads\/2019\/08\/logos-18.svg\" class=\"attachment-post-thumbnail size-post-thumbnail wp-post-image\" alt=\"\" decoding=\"async\" \/>\t<\/div>\n<\/div><div id=\"client-4847\" class=\"item post-4847 client type-client status-publish has-post-thumbnail hentry\">\n\t<div >\n\t\t<img src=\"https:\/\/www.malla.es\/wp-content\/uploads\/2022\/12\/logos-clientes-17.svg\" class=\"attachment-post-thumbnail size-post-thumbnail wp-post-image\" alt=\"\" decoding=\"async\" \/>\t<\/div>\n<\/div><div id=\"client-4846\" class=\"item post-4846 client type-client status-publish has-post-thumbnail hentry\">\n\t<div >\n\t\t<img src=\"https:\/\/www.malla.es\/wp-content\/uploads\/2022\/12\/logos-clientes-11.svg\" class=\"attachment-post-thumbnail size-post-thumbnail wp-post-image\" alt=\"\" decoding=\"async\" \/>\t<\/div>\n<\/div><div id=\"client-4848\" class=\"item post-4848 client type-client status-publish has-post-thumbnail hentry\">\n\t<div >\n\t\t<img src=\"https:\/\/www.malla.es\/wp-content\/uploads\/2022\/12\/logos-clientes-15.svg\" class=\"attachment-post-thumbnail size-post-thumbnail wp-post-image\" alt=\"\" decoding=\"async\" \/>\t<\/div>\n<\/div><div id=\"client-4849\" class=\"item post-4849 client type-client status-publish has-post-thumbnail hentry\">\n\t<div >\n\t\t<img src=\"https:\/\/www.malla.es\/wp-content\/uploads\/2022\/12\/logos-clientes-03.svg\" class=\"attachment-post-thumbnail size-post-thumbnail wp-post-image\" alt=\"\" decoding=\"async\" \/>\t<\/div>\n<\/div><div id=\"client-4850\" class=\"item post-4850 client type-client status-publish has-post-thumbnail hentry\">\n\t<div >\n\t\t<img src=\"https:\/\/www.malla.es\/wp-content\/uploads\/2022\/12\/logos-clientes-10.svg\" class=\"attachment-post-thumbnail size-post-thumbnail wp-post-image\" alt=\"\" decoding=\"async\" \/>\t<\/div>\n<\/div><div id=\"client-4851\" class=\"item post-4851 client type-client status-publish has-post-thumbnail hentry\">\n\t<div >\n\t\t<img src=\"https:\/\/www.malla.es\/wp-content\/uploads\/2022\/12\/logos-clientes_Mesa-de-trabajo-1.svg\" class=\"attachment-post-thumbnail size-post-thumbnail wp-post-image\" alt=\"\" decoding=\"async\" \/>\t<\/div>\n<\/div><\/div>[vc_empty_space height=&#8220;100px&#8220; el_class=&#8220;espaciomovil&#8220;][\/vc_column][\/vc_row][vc_row full_width=&#8220;stretch_row&#8220; css=&#8220;.vc_custom_1668640479045{padding-top: 10px !important;padding-bottom: 10px !important;background-color: #990a2c !important;}&#8220;][vc_column width=&#8220;3\/4&#8243;][vc_column_text el_class=&#8220;piecontacto&#8220;]<\/p>\n<h4><span style=\"color: #ffffff;\"><span style=\"font-size: 18pt;\">Kontaktieren Sie uns unverbindlich<\/span><\/span><\/h4>\n<p>[\/vc_column_text][\/vc_column][vc_column width=&#8220;1\/4&#8243; css=&#8220;.vc_custom_1562616776381{padding-top: 25px !important;}&#8220;][vc_btn title=&#8220;KONTAKT&#8220; color=&#8220;white&#8220; align=&#8220;center&#8220; link=&#8220;url:https%3A%2F%2Fwww.malla.es%2Fcontacto%2F%3Flang%3Dde|&#8220; el_class=&#8220;fuenteboton montb&#8220;][\/vc_column][\/vc_row]<\/p>\n<div class=\"clearfix\"><\/div>","protected":false},"excerpt":{"rendered":"<p>[vc_row full_width=&#8220;stretch_row_content_no_spaces&#8220;][vc_column][vc_column_text][rev_slider_vc alias=&#8220;slider-soportes&#8220; el_class=&#8220;klakiva&#8220;][\/vc_column_text][\/vc_column][\/vc_row][vc_row full_width=&#8220;stretch_row&#8220; css=&#8220;.vc_custom_1668640466141{background-color: #990a2c !important;}&#8220;][vc_column][vc_empty_space height=&#8220;90px&#8220; el_class=&#8220;espaciomovil&#8220;][vc_column_text el_class=&#8220;bottom-line montb&#8220;] GRUPO MALLA PUBLICIDAD [\/vc_column_text][vc_empty_space height=&#8220;50px&#8220;][vc_column_text css=&#8220;.vc_custom_1669665556207{padding-right: 10% !important;padding-left: 10% !important;}&#8220;] Die Grupo Malla Publicidad wurde vor mehr als 50 Jahren in Palma de Mallorca gegr\u00fcndet, was mit den Anf\u00e4ngen der Au\u00dfenwerbung in Spanien&#8230;<\/p>\n","protected":false},"author":1,"featured_media":0,"parent":0,"menu_order":83,"comment_status":"closed","ping_status":"closed","template":"","meta":[],"yoast_head":"<!-- This site is optimized with the Yoast SEO Premium plugin v19.6 (Yoast SEO v21.8.1) - https:\/\/yoast.com\/wordpress\/plugins\/seo\/ -->\n<title>Home - Malla<\/title>\n<meta name=\"robots\" content=\"index, follow, max-snippet:-1, max-image-preview:large, max-video-preview:-1\" \/>\n<link rel=\"canonical\" href=\"https:\/\/www.malla.es\/de\/\" \/>\n<meta property=\"og:locale\" content=\"de_DE\" \/>\n<meta property=\"og:type\" content=\"article\" \/>\n<meta property=\"og:title\" content=\"Home\" \/>\n<meta property=\"og:description\" content=\"[vc_row full_width=&#8220;stretch_row_content_no_spaces&#8220;][vc_column][vc_column_text][rev_slider_vc alias=&#8220;slider-soportes&#8220; el_class=&#8220;klakiva&#8220;][\/vc_column_text][\/vc_column][\/vc_row][vc_row full_width=&#8220;stretch_row&#8220; css=&#8220;.vc_custom_1668640466141{background-color: #990a2c !important;}&#8220;][vc_column][vc_empty_space height=&#8220;90px&#8220; el_class=&#8220;espaciomovil&#8220;][vc_column_text el_class=&#8220;bottom-line montb&#8220;] GRUPO MALLA PUBLICIDAD [\/vc_column_text][vc_empty_space height=&#8220;50px&#8220;][vc_column_text css=&#8220;.vc_custom_1669665556207{padding-right: 10% !important;padding-left: 10% !important;}&#8220;] Die Grupo Malla Publicidad wurde vor mehr als 50 Jahren in Palma de Mallorca gegr\u00fcndet, was mit den Anf\u00e4ngen der Au\u00dfenwerbung in Spanien...\" \/>\n<meta property=\"og:url\" content=\"https:\/\/www.malla.es\/de\/\" \/>\n<meta property=\"og:site_name\" content=\"Malla\" \/>\n<meta property=\"article:modified_time\" content=\"2022-12-30T09:46:56+00:00\" \/>\n<meta name=\"twitter:card\" content=\"summary_large_image\" \/>\n<meta name=\"twitter:label1\" content=\"Gesch\u00e4tzte Lesezeit\" \/>\n\t<meta name=\"twitter:data1\" content=\"3\u00a0Minuten\" \/>\n<script type=\"application\/ld+json\" class=\"yoast-schema-graph\">{\"@context\":\"https:\/\/schema.org\",\"@graph\":[{\"@type\":\"WebPage\",\"@id\":\"https:\/\/www.malla.es\/de\/\",\"url\":\"https:\/\/www.malla.es\/de\/\",\"name\":\"Home - Malla\",\"isPartOf\":{\"@id\":\"https:\/\/www.malla.es\/de\/#website\"},\"datePublished\":\"2019-01-12T16:45:24+00:00\",\"dateModified\":\"2022-12-30T09:46:56+00:00\",\"breadcrumb\":{\"@id\":\"https:\/\/www.malla.es\/de\/#breadcrumb\"},\"inLanguage\":\"de\",\"potentialAction\":[{\"@type\":\"ReadAction\",\"target\":[\"https:\/\/www.malla.es\/de\/\"]}]},{\"@type\":\"BreadcrumbList\",\"@id\":\"https:\/\/www.malla.es\/de\/#breadcrumb\",\"itemListElement\":[{\"@type\":\"ListItem\",\"position\":1,\"name\":\"Portada\",\"item\":\"https:\/\/www.malla.es\/de\/home\/?lang=de\"},{\"@type\":\"ListItem\",\"position\":2,\"name\":\"Home\"}]},{\"@type\":\"WebSite\",\"@id\":\"https:\/\/www.malla.es\/de\/#website\",\"url\":\"https:\/\/www.malla.es\/de\/\",\"name\":\"Grupo Malla\",\"description\":\"Grupo Malla Publicidad\",\"publisher\":{\"@id\":\"https:\/\/www.malla.es\/de\/#organization\"},\"alternateName\":\"Malla\",\"potentialAction\":[{\"@type\":\"SearchAction\",\"target\":{\"@type\":\"EntryPoint\",\"urlTemplate\":\"https:\/\/www.malla.es\/de\/?s={search_term_string}\"},\"query-input\":\"required name=search_term_string\"}],\"inLanguage\":\"de\"},{\"@type\":[\"Organization\",\"Place\"],\"@id\":\"https:\/\/www.malla.es\/de\/#organization\",\"name\":\"Grupo Malla\",\"alternateName\":\"Malla\",\"url\":\"https:\/\/www.malla.es\/de\/\",\"logo\":{\"@id\":\"https:\/\/www.malla.es\/de\/#local-main-organization-logo\"},\"image\":{\"@id\":\"https:\/\/www.malla.es\/de\/#local-main-organization-logo\"},\"openingHoursSpecification\":[{\"@type\":\"OpeningHoursSpecification\",\"dayOfWeek\":[\"Monday\",\"Tuesday\",\"Wednesday\",\"Thursday\",\"Friday\",\"Saturday\",\"Sunday\"],\"opens\":\"09:00\",\"closes\":\"17:00\"}]},{\"@type\":\"ImageObject\",\"inLanguage\":\"de\",\"@id\":\"https:\/\/www.malla.es\/de\/#local-main-organization-logo\",\"url\":\"https:\/\/www.malla.es\/wp-content\/uploads\/2022\/11\/malla_ico_bl.png\",\"contentUrl\":\"https:\/\/www.malla.es\/wp-content\/uploads\/2022\/11\/malla_ico_bl.png\",\"width\":771,\"height\":769,\"caption\":\"Grupo Malla\"}]}<\/script>\n<!-- \/ Yoast SEO Premium plugin. -->","yoast_head_json":{"title":"Home - Malla","robots":{"index":"index","follow":"follow","max-snippet":"max-snippet:-1","max-image-preview":"max-image-preview:large","max-video-preview":"max-video-preview:-1"},"canonical":"https:\/\/www.malla.es\/de\/","og_locale":"de_DE","og_type":"article","og_title":"Home","og_description":"[vc_row full_width=&#8220;stretch_row_content_no_spaces&#8220;][vc_column][vc_column_text][rev_slider_vc alias=&#8220;slider-soportes&#8220; el_class=&#8220;klakiva&#8220;][\/vc_column_text][\/vc_column][\/vc_row][vc_row full_width=&#8220;stretch_row&#8220; css=&#8220;.vc_custom_1668640466141{background-color: #990a2c !important;}&#8220;][vc_column][vc_empty_space height=&#8220;90px&#8220; el_class=&#8220;espaciomovil&#8220;][vc_column_text el_class=&#8220;bottom-line montb&#8220;] GRUPO MALLA PUBLICIDAD [\/vc_column_text][vc_empty_space height=&#8220;50px&#8220;][vc_column_text css=&#8220;.vc_custom_1669665556207{padding-right: 10% !important;padding-left: 10% !important;}&#8220;] Die Grupo Malla Publicidad wurde vor mehr als 50 Jahren in Palma de Mallorca gegr\u00fcndet, was mit den Anf\u00e4ngen der Au\u00dfenwerbung in Spanien...","og_url":"https:\/\/www.malla.es\/de\/","og_site_name":"Malla","article_modified_time":"2022-12-30T09:46:56+00:00","twitter_card":"summary_large_image","twitter_misc":{"Gesch\u00e4tzte Lesezeit":"3\u00a0Minuten"},"schema":{"@context":"https:\/\/schema.org","@graph":[{"@type":"WebPage","@id":"https:\/\/www.malla.es\/de\/","url":"https:\/\/www.malla.es\/de\/","name":"Home - Malla","isPartOf":{"@id":"https:\/\/www.malla.es\/de\/#website"},"datePublished":"2019-01-12T16:45:24+00:00","dateModified":"2022-12-30T09:46:56+00:00","breadcrumb":{"@id":"https:\/\/www.malla.es\/de\/#breadcrumb"},"inLanguage":"de","potentialAction":[{"@type":"ReadAction","target":["https:\/\/www.malla.es\/de\/"]}]},{"@type":"BreadcrumbList","@id":"https:\/\/www.malla.es\/de\/#breadcrumb","itemListElement":[{"@type":"ListItem","position":1,"name":"Portada","item":"https:\/\/www.malla.es\/de\/home\/?lang=de"},{"@type":"ListItem","position":2,"name":"Home"}]},{"@type":"WebSite","@id":"https:\/\/www.malla.es\/de\/#website","url":"https:\/\/www.malla.es\/de\/","name":"Grupo Malla","description":"Grupo Malla Publicidad","publisher":{"@id":"https:\/\/www.malla.es\/de\/#organization"},"alternateName":"Malla","potentialAction":[{"@type":"SearchAction","target":{"@type":"EntryPoint","urlTemplate":"https:\/\/www.malla.es\/de\/?s={search_term_string}"},"query-input":"required name=search_term_string"}],"inLanguage":"de"},{"@type":["Organization","Place"],"@id":"https:\/\/www.malla.es\/de\/#organization","name":"Grupo Malla","alternateName":"Malla","url":"https:\/\/www.malla.es\/de\/","logo":{"@id":"https:\/\/www.malla.es\/de\/#local-main-organization-logo"},"image":{"@id":"https:\/\/www.malla.es\/de\/#local-main-organization-logo"},"openingHoursSpecification":[{"@type":"OpeningHoursSpecification","dayOfWeek":["Monday","Tuesday","Wednesday","Thursday","Friday","Saturday","Sunday"],"opens":"09:00","closes":"17:00"}]},{"@type":"ImageObject","inLanguage":"de","@id":"https:\/\/www.malla.es\/de\/#local-main-organization-logo","url":"https:\/\/www.malla.es\/wp-content\/uploads\/2022\/11\/malla_ico_bl.png","contentUrl":"https:\/\/www.malla.es\/wp-content\/uploads\/2022\/11\/malla_ico_bl.png","width":771,"height":769,"caption":"Grupo Malla"}]}},"_links":{"self":[{"href":"https:\/\/www.malla.es\/de\/wp-json\/wp\/v2\/pages\/3526"}],"collection":[{"href":"https:\/\/www.malla.es\/de\/wp-json\/wp\/v2\/pages"}],"about":[{"href":"https:\/\/www.malla.es\/de\/wp-json\/wp\/v2\/types\/page"}],"author":[{"embeddable":true,"href":"https:\/\/www.malla.es\/de\/wp-json\/wp\/v2\/users\/1"}],"replies":[{"embeddable":true,"href":"https:\/\/www.malla.es\/de\/wp-json\/wp\/v2\/comments?post=3526"}],"version-history":[{"count":5,"href":"https:\/\/www.malla.es\/de\/wp-json\/wp\/v2\/pages\/3526\/revisions"}],"predecessor-version":[{"id":5277,"href":"https:\/\/www.malla.es\/de\/wp-json\/wp\/v2\/pages\/3526\/revisions\/5277"}],"wp:attachment":[{"href":"https:\/\/www.malla.es\/de\/wp-json\/wp\/v2\/media?parent=3526"}],"curies":[{"name":"wp","href":"https:\/\/api.w.org\/{rel}","templated":true}]}}